{"id":331,"date":"2019-02-09T11:05:50","date_gmt":"2019-02-09T10:05:50","guid":{"rendered":"http:\/\/kucharczyk.pl\/?page_id=331"},"modified":"2025-03-10T12:20:06","modified_gmt":"2025-03-10T11:20:06","slug":"pokoj-nr-04","status":"publish","type":"page","link":"https:\/\/kucharczyk.pl\/?page_id=331","title":{"rendered":"parter &#8211; pok\u00f3j nr 4"},"content":{"rendered":"\n<div style=\"height:100px\" aria-hidden=\"true\" class=\"wp-block-spacer\"><\/div>\n\n\n\n<h2 class=\"wp-block-heading has-text-align-center\"><strong>parter &#8211; pok\u00f3j nr 4<\/strong><\/h2>\n\n\n\n<p class=\"has-text-align-center\">powierzchnia pokoju 12.9 m2 plus \u0142azienka 3.1 m2, lokalizacja pokoju w kierunku po\u0142udniowym, w pokoju znajduje si\u0119 jedno okno skierowane na po\u0142udnie<\/p>\n\n\n\n<p class=\"has-text-align-center\">wyposa\u017cenie pokoju: TV 32 LED oko\u0142o 25 kana\u0142\u00f3w polskoj\u0119zycznych DVB-T, \u0142\u00f3\u017cko dwuosobowe z\u00a0<a href=\"http:\/\/kucharczyk.pl\/wp-content\/uploads\/2025\/03\/waga-a-twardosc-materaca.jpg\">materacem o twardo\u015bci H3<\/a>, ma\u0142a lod\u00f3wka, czajnik, sprz\u0119t pla\u017cowy le\u017cak i parawan. Internet Wi-Fi. \u0141azienka z prysznicem, umywalk\u0105 i toalet\u0105 do wy\u0142\u0105cznej dyspozycji znajduje si\u0119 w pokoju.\u00a0<strong>Aneks kuchenny ze zlewozmywakiem oraz kuchenk\u0105 mikrofalow\u0105 og\u00f3lnodost\u0119pny na korytarzu<\/strong>.<\/p>\n\n\n\n<p class=\"has-text-align-center\"><\/p>\n\n\n\n<div style=\"height:100px\" aria-hidden=\"true\" class=\"wp-block-spacer\"><\/div>\n\n\n<div class=\"wp-block-image\">\n<figure class=\"aligncenter size-large\"><img loading=\"lazy\" decoding=\"async\" width=\"684\" height=\"1024\" src=\"http:\/\/kucharczyk.pl\/wp-content\/uploads\/2022\/05\/04-1-684x1024.jpg\" alt=\"\" class=\"wp-image-1069\" srcset=\"https:\/\/kucharczyk.pl\/wp-content\/uploads\/2022\/05\/04-1-684x1024.jpg 684w, https:\/\/kucharczyk.pl\/wp-content\/uploads\/2022\/05\/04-1-200x300.jpg 200w, https:\/\/kucharczyk.pl\/wp-content\/uploads\/2022\/05\/04-1-768x1149.jpg 768w, https:\/\/kucharczyk.pl\/wp-content\/uploads\/2022\/05\/04-1-1026x1536.jpg 1026w, https:\/\/kucharczyk.pl\/wp-content\/uploads\/2022\/05\/04-1-1368x2048.jpg 1368w, https:\/\/kucharczyk.pl\/wp-content\/uploads\/2022\/05\/04-1-scaled.jpg 1711w\" sizes=\"auto, (max-width: 684px) 100vw, 684px\" \/><\/figure>\n<\/div>\n\n<div class=\"wp-block-image\">\n<figure class=\"aligncenter size-large\"><img loading=\"lazy\" decoding=\"async\" width=\"1024\" height=\"684\" src=\"http:\/\/kucharczyk.pl\/wp-content\/uploads\/2022\/05\/04-2-1024x684.jpg\" alt=\"\" class=\"wp-image-1070\" srcset=\"https:\/\/kucharczyk.pl\/wp-content\/uploads\/2022\/05\/04-2-1024x684.jpg 1024w, https:\/\/kucharczyk.pl\/wp-content\/uploads\/2022\/05\/04-2-300x200.jpg 300w, https:\/\/kucharczyk.pl\/wp-content\/uploads\/2022\/05\/04-2-768x513.jpg 768w, https:\/\/kucharczyk.pl\/wp-content\/uploads\/2022\/05\/04-2-1536x1026.jpg 1536w, https:\/\/kucharczyk.pl\/wp-content\/uploads\/2022\/05\/04-2-2048x1368.jpg 2048w\" sizes=\"auto, (max-width: 1024px) 100vw, 1024px\" \/><\/figure>\n<\/div>\n\n<div class=\"wp-block-image\">\n<figure class=\"aligncenter size-large\"><img loading=\"lazy\" decoding=\"async\" width=\"1024\" height=\"684\" src=\"http:\/\/kucharczyk.pl\/wp-content\/uploads\/2022\/05\/04-3-1024x684.jpg\" alt=\"\" class=\"wp-image-1071\" srcset=\"https:\/\/kucharczyk.pl\/wp-content\/uploads\/2022\/05\/04-3-1024x684.jpg 1024w, https:\/\/kucharczyk.pl\/wp-content\/uploads\/2022\/05\/04-3-300x200.jpg 300w, https:\/\/kucharczyk.pl\/wp-content\/uploads\/2022\/05\/04-3-768x513.jpg 768w, https:\/\/kucharczyk.pl\/wp-content\/uploads\/2022\/05\/04-3-1536x1026.jpg 1536w, https:\/\/kucharczyk.pl\/wp-content\/uploads\/2022\/05\/04-3-2048x1368.jpg 2048w\" sizes=\"auto, (max-width: 1024px) 100vw, 1024px\" \/><\/figure>\n<\/div>\n\n<div class=\"wp-block-image\">\n<figure class=\"aligncenter size-large\"><img loading=\"lazy\" decoding=\"async\" width=\"1024\" height=\"684\" src=\"http:\/\/kucharczyk.pl\/wp-content\/uploads\/2022\/05\/04-4-1024x684.jpg\" alt=\"\" class=\"wp-image-1072\" srcset=\"https:\/\/kucharczyk.pl\/wp-content\/uploads\/2022\/05\/04-4-1024x684.jpg 1024w, https:\/\/kucharczyk.pl\/wp-content\/uploads\/2022\/05\/04-4-300x200.jpg 300w, https:\/\/kucharczyk.pl\/wp-content\/uploads\/2022\/05\/04-4-768x513.jpg 768w, https:\/\/kucharczyk.pl\/wp-content\/uploads\/2022\/05\/04-4-1536x1026.jpg 1536w, https:\/\/kucharczyk.pl\/wp-content\/uploads\/2022\/05\/04-4-2048x1368.jpg 2048w\" sizes=\"auto, (max-width: 1024px) 100vw, 1024px\" \/><\/figure>\n<\/div>\n\n<div class=\"wp-block-image\">\n<figure class=\"aligncenter size-large\"><img loading=\"lazy\" decoding=\"async\" width=\"684\" height=\"1024\" src=\"http:\/\/kucharczyk.pl\/wp-content\/uploads\/2022\/05\/04-5-684x1024.jpg\" alt=\"\" class=\"wp-image-1073\" srcset=\"https:\/\/kucharczyk.pl\/wp-content\/uploads\/2022\/05\/04-5-684x1024.jpg 684w, https:\/\/kucharczyk.pl\/wp-content\/uploads\/2022\/05\/04-5-200x300.jpg 200w, https:\/\/kucharczyk.pl\/wp-content\/uploads\/2022\/05\/04-5-768x1149.jpg 768w, https:\/\/kucharczyk.pl\/wp-content\/uploads\/2022\/05\/04-5-1026x1536.jpg 1026w, https:\/\/kucharczyk.pl\/wp-content\/uploads\/2022\/05\/04-5-1368x2048.jpg 1368w, https:\/\/kucharczyk.pl\/wp-content\/uploads\/2022\/05\/04-5-scaled.jpg 1711w\" sizes=\"auto, (max-width: 684px) 100vw, 684px\" \/><\/figure>\n<\/div>\n\n<div class=\"wp-block-image\">\n<figure class=\"aligncenter size-large\"><img loading=\"lazy\" decoding=\"async\" width=\"684\" height=\"1024\" src=\"http:\/\/kucharczyk.pl\/wp-content\/uploads\/2022\/05\/04-6-684x1024.jpg\" alt=\"\" class=\"wp-image-1074\" srcset=\"https:\/\/kucharczyk.pl\/wp-content\/uploads\/2022\/05\/04-6-684x1024.jpg 684w, https:\/\/kucharczyk.pl\/wp-content\/uploads\/2022\/05\/04-6-200x300.jpg 200w, https:\/\/kucharczyk.pl\/wp-content\/uploads\/2022\/05\/04-6-768x1149.jpg 768w, https:\/\/kucharczyk.pl\/wp-content\/uploads\/2022\/05\/04-6-1026x1536.jpg 1026w, https:\/\/kucharczyk.pl\/wp-content\/uploads\/2022\/05\/04-6-1368x2048.jpg 1368w, https:\/\/kucharczyk.pl\/wp-content\/uploads\/2022\/05\/04-6-scaled.jpg 1711w\" sizes=\"auto, (max-width: 684px) 100vw, 684px\" \/><\/figure>\n<\/div>\n\n\n<div style=\"height:100px\" aria-hidden=\"true\" class=\"wp-block-spacer\"><\/div>\n\n\n\n<p class=\"has-text-align-center\"><strong>Aneks kuchenny znajduje si\u0119 w korytarzu. Jest wsp\u00f3lny dla trzech pokoi.<\/strong><\/p>\n\n\n<div class=\"wp-block-image\">\n<figure class=\"aligncenter size-large\"><img loading=\"lazy\" decoding=\"async\" width=\"684\" height=\"1024\" src=\"http:\/\/kucharczyk.pl\/wp-content\/uploads\/2022\/05\/parter1-684x1024.jpg\" alt=\"\" class=\"wp-image-1075\" srcset=\"https:\/\/kucharczyk.pl\/wp-content\/uploads\/2022\/05\/parter1-684x1024.jpg 684w, https:\/\/kucharczyk.pl\/wp-content\/uploads\/2022\/05\/parter1-200x300.jpg 200w, https:\/\/kucharczyk.pl\/wp-content\/uploads\/2022\/05\/parter1-768x1149.jpg 768w, https:\/\/kucharczyk.pl\/wp-content\/uploads\/2022\/05\/parter1-1026x1536.jpg 1026w, https:\/\/kucharczyk.pl\/wp-content\/uploads\/2022\/05\/parter1-1368x2048.jpg 1368w, https:\/\/kucharczyk.pl\/wp-content\/uploads\/2022\/05\/parter1-scaled.jpg 1711w\" sizes=\"auto, (max-width: 684px) 100vw, 684px\" \/><\/figure>\n<\/div>\n\n<div class=\"wp-block-image\">\n<figure class=\"aligncenter size-large\"><img loading=\"lazy\" decoding=\"async\" width=\"684\" height=\"1024\" src=\"http:\/\/kucharczyk.pl\/wp-content\/uploads\/2022\/05\/parter2-684x1024.jpg\" alt=\"\" class=\"wp-image-1076\" srcset=\"https:\/\/kucharczyk.pl\/wp-content\/uploads\/2022\/05\/parter2-684x1024.jpg 684w, https:\/\/kucharczyk.pl\/wp-content\/uploads\/2022\/05\/parter2-200x300.jpg 200w, https:\/\/kucharczyk.pl\/wp-content\/uploads\/2022\/05\/parter2-768x1149.jpg 768w, https:\/\/kucharczyk.pl\/wp-content\/uploads\/2022\/05\/parter2-1026x1536.jpg 1026w, https:\/\/kucharczyk.pl\/wp-content\/uploads\/2022\/05\/parter2-1368x2048.jpg 1368w, https:\/\/kucharczyk.pl\/wp-content\/uploads\/2022\/05\/parter2-scaled.jpg 1711w\" sizes=\"auto, (max-width: 684px) 100vw, 684px\" \/><\/figure>\n<\/div>","protected":false},"excerpt":{"rendered":"<p>parter &#8211; pok\u00f3j nr 4 powierzchnia pokoju 12.9 m2 plus \u0142azienka 3.1 m2, lokalizacja pokoju w kierunku po\u0142udniowym, w pokoju znajduje si\u0119 jedno okno skierowane na po\u0142udnie wyposa\u017cenie pokoju: TV 32 LED oko\u0142o 25 kana\u0142\u00f3w polskoj\u0119zycznych DVB-T, \u0142\u00f3\u017cko dwuosobowe z\u00a0materacem o twardo\u015bci H3, ma\u0142a lod\u00f3wka, czajnik, sprz\u0119t pla\u017cowy le\u017cak i parawan. Internet Wi-Fi. \u0141azienka z &#8230; <a title=\"parter &#8211; pok\u00f3j nr 4\" class=\"read-more\" href=\"https:\/\/kucharczyk.pl\/?page_id=331\">Blog czytaj dalej <\/a><\/p>\n","protected":false},"author":1,"featured_media":0,"parent":0,"menu_order":0,"comment_status":"closed","ping_status":"closed","template":"","meta":{"footnotes":""},"class_list":["post-331","page","type-page","status-publish"],"yoast_head":"<!-- This site is optimized with the Yoast SEO plugin v23.3 - https:\/\/yoast.com\/wordpress\/plugins\/seo\/ -->\n<title>parter - pok\u00f3j nr 4 - \u015awinouj\u015bcie wczasy nad morzem<\/title>\n<meta name=\"robots\" content=\"index, follow, max-snippet:-1, max-image-preview:large, max-video-preview:-1\" \/>\n<link rel=\"canonical\" href=\"https:\/\/kucharczyk.pl\/?page_id=331\" \/>\n<meta property=\"og:locale\" content=\"pl_PL\" \/>\n<meta property=\"og:type\" content=\"article\" \/>\n<meta property=\"og:title\" content=\"parter - pok\u00f3j nr 4 - \u015awinouj\u015bcie wczasy nad morzem\" \/>\n<meta property=\"og:description\" content=\"parter &#8211; pok\u00f3j nr 4 powierzchnia pokoju 12.9 m2 plus \u0142azienka 3.1 m2, lokalizacja pokoju w kierunku po\u0142udniowym, w pokoju znajduje si\u0119 jedno okno skierowane na po\u0142udnie wyposa\u017cenie pokoju: TV 32 LED oko\u0142o 25 kana\u0142\u00f3w polskoj\u0119zycznych DVB-T, \u0142\u00f3\u017cko dwuosobowe z\u00a0materacem o twardo\u015bci H3, ma\u0142a lod\u00f3wka, czajnik, sprz\u0119t pla\u017cowy le\u017cak i parawan. Internet Wi-Fi. \u0141azienka z ... Blog czytaj dalej\" \/>\n<meta property=\"og:url\" content=\"https:\/\/kucharczyk.pl\/?page_id=331\" \/>\n<meta property=\"og:site_name\" content=\"\u015awinouj\u015bcie wczasy nad morzem\" \/>\n<meta property=\"article:modified_time\" content=\"2025-03-10T11:20:06+00:00\" \/>\n<meta property=\"og:image\" content=\"http:\/\/kucharczyk.pl\/wp-content\/uploads\/2022\/05\/04-1-684x1024.jpg\" \/>\n<meta name=\"twitter:card\" content=\"summary_large_image\" \/>\n<meta name=\"twitter:label1\" content=\"Szacowany czas czytania\" \/>\n\t<meta name=\"twitter:data1\" content=\"3 minuty\" \/>\n<script type=\"application\/ld+json\" class=\"yoast-schema-graph\">{\"@context\":\"https:\/\/schema.org\",\"@graph\":[{\"@type\":\"WebPage\",\"@id\":\"https:\/\/kucharczyk.pl\/?page_id=331\",\"url\":\"https:\/\/kucharczyk.pl\/?page_id=331\",\"name\":\"parter - pok\u00f3j nr 4 - \u015awinouj\u015bcie wczasy nad morzem\",\"isPartOf\":{\"@id\":\"https:\/\/kucharczyk.pl\/#website\"},\"primaryImageOfPage\":{\"@id\":\"https:\/\/kucharczyk.pl\/?page_id=331#primaryimage\"},\"image\":{\"@id\":\"https:\/\/kucharczyk.pl\/?page_id=331#primaryimage\"},\"thumbnailUrl\":\"http:\/\/kucharczyk.pl\/wp-content\/uploads\/2022\/05\/04-1-684x1024.jpg\",\"datePublished\":\"2019-02-09T10:05:50+00:00\",\"dateModified\":\"2025-03-10T11:20:06+00:00\",\"breadcrumb\":{\"@id\":\"https:\/\/kucharczyk.pl\/?page_id=331#breadcrumb\"},\"inLanguage\":\"pl-PL\",\"potentialAction\":[{\"@type\":\"ReadAction\",\"target\":[\"https:\/\/kucharczyk.pl\/?page_id=331\"]}]},{\"@type\":\"ImageObject\",\"inLanguage\":\"pl-PL\",\"@id\":\"https:\/\/kucharczyk.pl\/?page_id=331#primaryimage\",\"url\":\"http:\/\/kucharczyk.pl\/wp-content\/uploads\/2022\/05\/04-1-684x1024.jpg\",\"contentUrl\":\"http:\/\/kucharczyk.pl\/wp-content\/uploads\/2022\/05\/04-1-684x1024.jpg\"},{\"@type\":\"BreadcrumbList\",\"@id\":\"https:\/\/kucharczyk.pl\/?page_id=331#breadcrumb\",\"itemListElement\":[{\"@type\":\"ListItem\",\"position\":1,\"name\":\"Strona g\u0142\u00f3wna\",\"item\":\"https:\/\/kucharczyk.pl\/\"},{\"@type\":\"ListItem\",\"position\":2,\"name\":\"parter &#8211; pok\u00f3j nr 4\"}]},{\"@type\":\"WebSite\",\"@id\":\"https:\/\/kucharczyk.pl\/#website\",\"url\":\"https:\/\/kucharczyk.pl\/\",\"name\":\"\u015awinouj\u015bcie wczasy nad morzem\",\"description\":\"Noclegi w pokojach go\u015bcinnych\",\"potentialAction\":[{\"@type\":\"SearchAction\",\"target\":{\"@type\":\"EntryPoint\",\"urlTemplate\":\"https:\/\/kucharczyk.pl\/?s={search_term_string}\"},\"query-input\":\"required name=search_term_string\"}],\"inLanguage\":\"pl-PL\"}]}<\/script>\n<!-- \/ Yoast SEO plugin. -->","yoast_head_json":{"title":"parter - pok\u00f3j nr 4 - \u015awinouj\u015bcie wczasy nad morzem","robots":{"index":"index","follow":"follow","max-snippet":"max-snippet:-1","max-image-preview":"max-image-preview:large","max-video-preview":"max-video-preview:-1"},"canonical":"https:\/\/kucharczyk.pl\/?page_id=331","og_locale":"pl_PL","og_type":"article","og_title":"parter - pok\u00f3j nr 4 - \u015awinouj\u015bcie wczasy nad morzem","og_description":"parter &#8211; pok\u00f3j nr 4 powierzchnia pokoju 12.9 m2 plus \u0142azienka 3.1 m2, lokalizacja pokoju w kierunku po\u0142udniowym, w pokoju znajduje si\u0119 jedno okno skierowane na po\u0142udnie wyposa\u017cenie pokoju: TV 32 LED oko\u0142o 25 kana\u0142\u00f3w polskoj\u0119zycznych DVB-T, \u0142\u00f3\u017cko dwuosobowe z\u00a0materacem o twardo\u015bci H3, ma\u0142a lod\u00f3wka, czajnik, sprz\u0119t pla\u017cowy le\u017cak i parawan. Internet Wi-Fi. \u0141azienka z ... Blog czytaj dalej","og_url":"https:\/\/kucharczyk.pl\/?page_id=331","og_site_name":"\u015awinouj\u015bcie wczasy nad morzem","article_modified_time":"2025-03-10T11:20:06+00:00","og_image":[{"url":"http:\/\/kucharczyk.pl\/wp-content\/uploads\/2022\/05\/04-1-684x1024.jpg"}],"twitter_card":"summary_large_image","twitter_misc":{"Szacowany czas czytania":"3 minuty"},"schema":{"@context":"https:\/\/schema.org","@graph":[{"@type":"WebPage","@id":"https:\/\/kucharczyk.pl\/?page_id=331","url":"https:\/\/kucharczyk.pl\/?page_id=331","name":"parter - pok\u00f3j nr 4 - \u015awinouj\u015bcie wczasy nad morzem","isPartOf":{"@id":"https:\/\/kucharczyk.pl\/#website"},"primaryImageOfPage":{"@id":"https:\/\/kucharczyk.pl\/?page_id=331#primaryimage"},"image":{"@id":"https:\/\/kucharczyk.pl\/?page_id=331#primaryimage"},"thumbnailUrl":"http:\/\/kucharczyk.pl\/wp-content\/uploads\/2022\/05\/04-1-684x1024.jpg","datePublished":"2019-02-09T10:05:50+00:00","dateModified":"2025-03-10T11:20:06+00:00","breadcrumb":{"@id":"https:\/\/kucharczyk.pl\/?page_id=331#breadcrumb"},"inLanguage":"pl-PL","potentialAction":[{"@type":"ReadAction","target":["https:\/\/kucharczyk.pl\/?page_id=331"]}]},{"@type":"ImageObject","inLanguage":"pl-PL","@id":"https:\/\/kucharczyk.pl\/?page_id=331#primaryimage","url":"http:\/\/kucharczyk.pl\/wp-content\/uploads\/2022\/05\/04-1-684x1024.jpg","contentUrl":"http:\/\/kucharczyk.pl\/wp-content\/uploads\/2022\/05\/04-1-684x1024.jpg"},{"@type":"BreadcrumbList","@id":"https:\/\/kucharczyk.pl\/?page_id=331#breadcrumb","itemListElement":[{"@type":"ListItem","position":1,"name":"Strona g\u0142\u00f3wna","item":"https:\/\/kucharczyk.pl\/"},{"@type":"ListItem","position":2,"name":"parter &#8211; pok\u00f3j nr 4"}]},{"@type":"WebSite","@id":"https:\/\/kucharczyk.pl\/#website","url":"https:\/\/kucharczyk.pl\/","name":"\u015awinouj\u015bcie wczasy nad morzem","description":"Noclegi w pokojach go\u015bcinnych","potentialAction":[{"@type":"SearchAction","target":{"@type":"EntryPoint","urlTemplate":"https:\/\/kucharczyk.pl\/?s={search_term_string}"},"query-input":"required name=search_term_string"}],"inLanguage":"pl-PL"}]}},"_links":{"self":[{"href":"https:\/\/kucharczyk.pl\/index.php?rest_route=\/wp\/v2\/pages\/331","targetHints":{"allow":["GET"]}}],"collection":[{"href":"https:\/\/kucharczyk.pl\/index.php?rest_route=\/wp\/v2\/pages"}],"about":[{"href":"https:\/\/kucharczyk.pl\/index.php?rest_route=\/wp\/v2\/types\/page"}],"author":[{"embeddable":true,"href":"https:\/\/kucharczyk.pl\/index.php?rest_route=\/wp\/v2\/users\/1"}],"replies":[{"embeddable":true,"href":"https:\/\/kucharczyk.pl\/index.php?rest_route=%2Fwp%2Fv2%2Fcomments&post=331"}],"version-history":[{"count":16,"href":"https:\/\/kucharczyk.pl\/index.php?rest_route=\/wp\/v2\/pages\/331\/revisions"}],"predecessor-version":[{"id":1447,"href":"https:\/\/kucharczyk.pl\/index.php?rest_route=\/wp\/v2\/pages\/331\/revisions\/1447"}],"wp:attachment":[{"href":"https:\/\/kucharczyk.pl\/index.php?rest_route=%2Fwp%2Fv2%2Fmedia&parent=331"}],"curies":[{"name":"wp","href":"https:\/\/api.w.org\/{rel}","templated":true}]}}