{"id":355,"date":"2019-02-09T11:19:03","date_gmt":"2019-02-09T10:19:03","guid":{"rendered":"http:\/\/kucharczyk.pl\/?page_id=355"},"modified":"2025-03-10T12:27:32","modified_gmt":"2025-03-10T11:27:32","slug":"2-pietro-pokoj-nr-10","status":"publish","type":"page","link":"https:\/\/kucharczyk.pl\/?page_id=355","title":{"rendered":"2 pi\u0119tro &#8211; pok\u00f3j nr 10"},"content":{"rendered":"\n<div style=\"height:100px\" aria-hidden=\"true\" class=\"wp-block-spacer\"><\/div>\n\n\n\n<h2 class=\"wp-block-heading has-text-align-center\"><strong>2 pi\u0119tro &#8211; pok\u00f3j nr 10<\/strong><\/h2>\n\n\n\n<h2 class=\"wp-block-heading\"><\/h2>\n\n\n\n<p class=\"has-text-align-center\">Powierzchnia pokoju 12.8 m2 plus \u0142azienka 3.2 m2. Balkon od strony po\u0142udniowej o powierzchni 2.7 m2<\/p>\n\n\n\n<p class=\"has-text-align-center\">lokalizacja pokoju w kierunku na po\u0142udnie, w pokoju znajduje si\u0119 jedno okno skierowane na po\u0142udnie oraz drzwi przeszklone stanowi\u0105ce wyj\u015bcie na balkon. Z korytarza na pi\u0119trze wyj\u015bcie na wsp\u00f3lny balkon o powierzchni 6 m2 od strony zachodniej<\/p>\n\n\n\n<p>wyposa\u017cenie pokoju: TV 32 LED oko\u0142o 25 kana\u0142\u00f3w polskoj\u0119zycznych DVB-T2,\u0142\u00f3\u017cko dwuosobowe z\u00a0<a href=\"http:\/\/kucharczyk.pl\/wp-content\/uploads\/2025\/03\/waga-a-twardosc-materaca.jpg\">materacem o twardo\u015bci H3<\/a>, ma\u0142a lod\u00f3wka, czajnik, sprz\u0119t pla\u017cowy le\u017cak i parawan. Internet Wi-fi. \u00a0\u0141azienka z prysznicem, umywalk\u0105 i toalet\u0105 do wy\u0142\u0105cznej dyspozycji znajduje si\u0119 w pokoju.\u00a0<strong>Aneks kuchenny ze zlewozmywakiem oraz kuchenk\u0105 mikrofalow\u0105 og\u00f3lnodost\u0119pny na korytarzu<\/strong>.<\/p>\n\n\n\n<div style=\"height:100px\" aria-hidden=\"true\" class=\"wp-block-spacer\"><\/div>\n\n\n<div class=\"wp-block-image\">\n<figure class=\"aligncenter\"><img loading=\"lazy\" decoding=\"async\" width=\"1024\" height=\"683\" src=\"http:\/\/kucharczyk.pl\/wp-content\/uploads\/2019\/02\/10-1-1024x683.jpg\" alt=\"\" class=\"wp-image-647\" srcset=\"https:\/\/kucharczyk.pl\/wp-content\/uploads\/2019\/02\/10-1-1024x683.jpg 1024w, https:\/\/kucharczyk.pl\/wp-content\/uploads\/2019\/02\/10-1-300x200.jpg 300w, https:\/\/kucharczyk.pl\/wp-content\/uploads\/2019\/02\/10-1-768x512.jpg 768w, https:\/\/kucharczyk.pl\/wp-content\/uploads\/2019\/02\/10-1.jpg 1051w\" sizes=\"auto, (max-width: 1024px) 100vw, 1024px\" \/><\/figure>\n<\/div>\n\n<div class=\"wp-block-image\">\n<figure class=\"aligncenter\"><img loading=\"lazy\" decoding=\"async\" width=\"1024\" height=\"683\" src=\"http:\/\/kucharczyk.pl\/wp-content\/uploads\/2019\/02\/10-2-1024x683.jpg\" alt=\"\" class=\"wp-image-648\" srcset=\"https:\/\/kucharczyk.pl\/wp-content\/uploads\/2019\/02\/10-2-1024x683.jpg 1024w, https:\/\/kucharczyk.pl\/wp-content\/uploads\/2019\/02\/10-2-300x200.jpg 300w, https:\/\/kucharczyk.pl\/wp-content\/uploads\/2019\/02\/10-2-768x512.jpg 768w, https:\/\/kucharczyk.pl\/wp-content\/uploads\/2019\/02\/10-2.jpg 1051w\" sizes=\"auto, (max-width: 1024px) 100vw, 1024px\" \/><\/figure>\n<\/div>\n\n<div class=\"wp-block-image\">\n<figure class=\"aligncenter\"><img loading=\"lazy\" decoding=\"async\" width=\"1024\" height=\"683\" src=\"http:\/\/kucharczyk.pl\/wp-content\/uploads\/2019\/02\/10-3-1024x683.jpg\" alt=\"\" class=\"wp-image-649\" srcset=\"https:\/\/kucharczyk.pl\/wp-content\/uploads\/2019\/02\/10-3-1024x683.jpg 1024w, https:\/\/kucharczyk.pl\/wp-content\/uploads\/2019\/02\/10-3-300x200.jpg 300w, https:\/\/kucharczyk.pl\/wp-content\/uploads\/2019\/02\/10-3-768x512.jpg 768w, https:\/\/kucharczyk.pl\/wp-content\/uploads\/2019\/02\/10-3.jpg 1051w\" sizes=\"auto, (max-width: 1024px) 100vw, 1024px\" \/><\/figure>\n<\/div>\n\n<div class=\"wp-block-image\">\n<figure class=\"aligncenter\"><img loading=\"lazy\" decoding=\"async\" width=\"683\" height=\"1024\" src=\"http:\/\/kucharczyk.pl\/wp-content\/uploads\/2019\/02\/10-4-683x1024.jpg\" alt=\"\" class=\"wp-image-650\" srcset=\"https:\/\/kucharczyk.pl\/wp-content\/uploads\/2019\/02\/10-4-683x1024.jpg 683w, https:\/\/kucharczyk.pl\/wp-content\/uploads\/2019\/02\/10-4-200x300.jpg 200w, https:\/\/kucharczyk.pl\/wp-content\/uploads\/2019\/02\/10-4.jpg 701w\" sizes=\"auto, (max-width: 683px) 100vw, 683px\" \/><\/figure>\n<\/div>\n\n<div class=\"wp-block-image\">\n<figure class=\"aligncenter\"><img loading=\"lazy\" decoding=\"async\" width=\"683\" height=\"1024\" src=\"http:\/\/kucharczyk.pl\/wp-content\/uploads\/2019\/02\/10-5-683x1024.jpg\" alt=\"\" class=\"wp-image-651\" srcset=\"https:\/\/kucharczyk.pl\/wp-content\/uploads\/2019\/02\/10-5-683x1024.jpg 683w, https:\/\/kucharczyk.pl\/wp-content\/uploads\/2019\/02\/10-5-200x300.jpg 200w, https:\/\/kucharczyk.pl\/wp-content\/uploads\/2019\/02\/10-5.jpg 701w\" sizes=\"auto, (max-width: 683px) 100vw, 683px\" \/><\/figure>\n<\/div>\n\n<div class=\"wp-block-image\">\n<figure class=\"aligncenter\"><img loading=\"lazy\" decoding=\"async\" width=\"1024\" height=\"683\" src=\"http:\/\/kucharczyk.pl\/wp-content\/uploads\/2019\/02\/10-6-1024x683.jpg\" alt=\"\" class=\"wp-image-652\" srcset=\"https:\/\/kucharczyk.pl\/wp-content\/uploads\/2019\/02\/10-6-1024x683.jpg 1024w, https:\/\/kucharczyk.pl\/wp-content\/uploads\/2019\/02\/10-6-300x200.jpg 300w, https:\/\/kucharczyk.pl\/wp-content\/uploads\/2019\/02\/10-6-768x512.jpg 768w, https:\/\/kucharczyk.pl\/wp-content\/uploads\/2019\/02\/10-6.jpg 1051w\" sizes=\"auto, (max-width: 1024px) 100vw, 1024px\" \/><\/figure>\n<\/div>\n\n\n<hr class=\"wp-block-separator has-css-opacity\"\/>\n\n\n\n<p class=\"has-text-align-center\" style=\"font-size:25px\"><strong>Aneks kuchenny znajduje si\u0119 w korytarzu. Jest wsp\u00f3lny dla trzech pokoi.<\/strong><\/p>\n\n\n<div class=\"wp-block-image\">\n<figure class=\"aligncenter\"><img loading=\"lazy\" decoding=\"async\" width=\"1024\" height=\"683\" src=\"http:\/\/kucharczyk.pl\/wp-content\/uploads\/2019\/02\/aneks2-1024x683.jpg\" alt=\"\" class=\"wp-image-557\" srcset=\"https:\/\/kucharczyk.pl\/wp-content\/uploads\/2019\/02\/aneks2-1024x683.jpg 1024w, https:\/\/kucharczyk.pl\/wp-content\/uploads\/2019\/02\/aneks2-300x200.jpg 300w, https:\/\/kucharczyk.pl\/wp-content\/uploads\/2019\/02\/aneks2-768x512.jpg 768w, https:\/\/kucharczyk.pl\/wp-content\/uploads\/2019\/02\/aneks2.jpg 1051w\" sizes=\"auto, (max-width: 1024px) 100vw, 1024px\" \/><\/figure>\n<\/div>","protected":false},"excerpt":{"rendered":"<p>2 pi\u0119tro &#8211; pok\u00f3j nr 10 Powierzchnia pokoju 12.8 m2 plus \u0142azienka 3.2 m2. Balkon od strony po\u0142udniowej o powierzchni 2.7 m2 lokalizacja pokoju w kierunku na po\u0142udnie, w pokoju znajduje si\u0119 jedno okno skierowane na po\u0142udnie oraz drzwi przeszklone stanowi\u0105ce wyj\u015bcie na balkon. Z korytarza na pi\u0119trze wyj\u015bcie na wsp\u00f3lny balkon o powierzchni 6 &#8230; <a title=\"2 pi\u0119tro &#8211; pok\u00f3j nr 10\" class=\"read-more\" href=\"https:\/\/kucharczyk.pl\/?page_id=355\">Blog czytaj dalej <\/a><\/p>\n","protected":false},"author":1,"featured_media":0,"parent":0,"menu_order":0,"comment_status":"closed","ping_status":"closed","template":"","meta":{"footnotes":""},"class_list":["post-355","page","type-page","status-publish"],"yoast_head":"<!-- This site is optimized with the Yoast SEO plugin v23.3 - https:\/\/yoast.com\/wordpress\/plugins\/seo\/ -->\n<title>2 pi\u0119tro - pok\u00f3j nr 10 - \u015awinouj\u015bcie wczasy nad morzem<\/title>\n<meta name=\"robots\" content=\"index, follow, max-snippet:-1, max-image-preview:large, max-video-preview:-1\" \/>\n<link rel=\"canonical\" href=\"https:\/\/kucharczyk.pl\/?page_id=355\" \/>\n<meta property=\"og:locale\" content=\"pl_PL\" \/>\n<meta property=\"og:type\" content=\"article\" \/>\n<meta property=\"og:title\" content=\"2 pi\u0119tro - pok\u00f3j nr 10 - \u015awinouj\u015bcie wczasy nad morzem\" \/>\n<meta property=\"og:description\" content=\"2 pi\u0119tro &#8211; pok\u00f3j nr 10 Powierzchnia pokoju 12.8 m2 plus \u0142azienka 3.2 m2. Balkon od strony po\u0142udniowej o powierzchni 2.7 m2 lokalizacja pokoju w kierunku na po\u0142udnie, w pokoju znajduje si\u0119 jedno okno skierowane na po\u0142udnie oraz drzwi przeszklone stanowi\u0105ce wyj\u015bcie na balkon. Z korytarza na pi\u0119trze wyj\u015bcie na wsp\u00f3lny balkon o powierzchni 6 ... Blog czytaj dalej\" \/>\n<meta property=\"og:url\" content=\"https:\/\/kucharczyk.pl\/?page_id=355\" \/>\n<meta property=\"og:site_name\" content=\"\u015awinouj\u015bcie wczasy nad morzem\" \/>\n<meta property=\"article:modified_time\" content=\"2025-03-10T11:27:32+00:00\" \/>\n<meta property=\"og:image\" content=\"http:\/\/kucharczyk.pl\/wp-content\/uploads\/2019\/02\/10-1-1024x683.jpg\" \/>\n<meta name=\"twitter:card\" content=\"summary_large_image\" \/>\n<meta name=\"twitter:label1\" content=\"Szacowany czas czytania\" \/>\n\t<meta name=\"twitter:data1\" content=\"3 minuty\" \/>\n<script type=\"application\/ld+json\" class=\"yoast-schema-graph\">{\"@context\":\"https:\/\/schema.org\",\"@graph\":[{\"@type\":\"WebPage\",\"@id\":\"https:\/\/kucharczyk.pl\/?page_id=355\",\"url\":\"https:\/\/kucharczyk.pl\/?page_id=355\",\"name\":\"2 pi\u0119tro - pok\u00f3j nr 10 - \u015awinouj\u015bcie wczasy nad morzem\",\"isPartOf\":{\"@id\":\"https:\/\/kucharczyk.pl\/#website\"},\"primaryImageOfPage\":{\"@id\":\"https:\/\/kucharczyk.pl\/?page_id=355#primaryimage\"},\"image\":{\"@id\":\"https:\/\/kucharczyk.pl\/?page_id=355#primaryimage\"},\"thumbnailUrl\":\"http:\/\/kucharczyk.pl\/wp-content\/uploads\/2019\/02\/10-1-1024x683.jpg\",\"datePublished\":\"2019-02-09T10:19:03+00:00\",\"dateModified\":\"2025-03-10T11:27:32+00:00\",\"breadcrumb\":{\"@id\":\"https:\/\/kucharczyk.pl\/?page_id=355#breadcrumb\"},\"inLanguage\":\"pl-PL\",\"potentialAction\":[{\"@type\":\"ReadAction\",\"target\":[\"https:\/\/kucharczyk.pl\/?page_id=355\"]}]},{\"@type\":\"ImageObject\",\"inLanguage\":\"pl-PL\",\"@id\":\"https:\/\/kucharczyk.pl\/?page_id=355#primaryimage\",\"url\":\"http:\/\/kucharczyk.pl\/wp-content\/uploads\/2019\/02\/10-1-1024x683.jpg\",\"contentUrl\":\"http:\/\/kucharczyk.pl\/wp-content\/uploads\/2019\/02\/10-1-1024x683.jpg\"},{\"@type\":\"BreadcrumbList\",\"@id\":\"https:\/\/kucharczyk.pl\/?page_id=355#breadcrumb\",\"itemListElement\":[{\"@type\":\"ListItem\",\"position\":1,\"name\":\"Strona g\u0142\u00f3wna\",\"item\":\"https:\/\/kucharczyk.pl\/\"},{\"@type\":\"ListItem\",\"position\":2,\"name\":\"2 pi\u0119tro &#8211; pok\u00f3j nr 10\"}]},{\"@type\":\"WebSite\",\"@id\":\"https:\/\/kucharczyk.pl\/#website\",\"url\":\"https:\/\/kucharczyk.pl\/\",\"name\":\"\u015awinouj\u015bcie wczasy nad morzem\",\"description\":\"Noclegi w pokojach go\u015bcinnych\",\"potentialAction\":[{\"@type\":\"SearchAction\",\"target\":{\"@type\":\"EntryPoint\",\"urlTemplate\":\"https:\/\/kucharczyk.pl\/?s={search_term_string}\"},\"query-input\":\"required name=search_term_string\"}],\"inLanguage\":\"pl-PL\"}]}<\/script>\n<!-- \/ Yoast SEO plugin. -->","yoast_head_json":{"title":"2 pi\u0119tro - pok\u00f3j nr 10 - \u015awinouj\u015bcie wczasy nad morzem","robots":{"index":"index","follow":"follow","max-snippet":"max-snippet:-1","max-image-preview":"max-image-preview:large","max-video-preview":"max-video-preview:-1"},"canonical":"https:\/\/kucharczyk.pl\/?page_id=355","og_locale":"pl_PL","og_type":"article","og_title":"2 pi\u0119tro - pok\u00f3j nr 10 - \u015awinouj\u015bcie wczasy nad morzem","og_description":"2 pi\u0119tro &#8211; pok\u00f3j nr 10 Powierzchnia pokoju 12.8 m2 plus \u0142azienka 3.2 m2. Balkon od strony po\u0142udniowej o powierzchni 2.7 m2 lokalizacja pokoju w kierunku na po\u0142udnie, w pokoju znajduje si\u0119 jedno okno skierowane na po\u0142udnie oraz drzwi przeszklone stanowi\u0105ce wyj\u015bcie na balkon. Z korytarza na pi\u0119trze wyj\u015bcie na wsp\u00f3lny balkon o powierzchni 6 ... Blog czytaj dalej","og_url":"https:\/\/kucharczyk.pl\/?page_id=355","og_site_name":"\u015awinouj\u015bcie wczasy nad morzem","article_modified_time":"2025-03-10T11:27:32+00:00","og_image":[{"url":"http:\/\/kucharczyk.pl\/wp-content\/uploads\/2019\/02\/10-1-1024x683.jpg"}],"twitter_card":"summary_large_image","twitter_misc":{"Szacowany czas czytania":"3 minuty"},"schema":{"@context":"https:\/\/schema.org","@graph":[{"@type":"WebPage","@id":"https:\/\/kucharczyk.pl\/?page_id=355","url":"https:\/\/kucharczyk.pl\/?page_id=355","name":"2 pi\u0119tro - pok\u00f3j nr 10 - \u015awinouj\u015bcie wczasy nad morzem","isPartOf":{"@id":"https:\/\/kucharczyk.pl\/#website"},"primaryImageOfPage":{"@id":"https:\/\/kucharczyk.pl\/?page_id=355#primaryimage"},"image":{"@id":"https:\/\/kucharczyk.pl\/?page_id=355#primaryimage"},"thumbnailUrl":"http:\/\/kucharczyk.pl\/wp-content\/uploads\/2019\/02\/10-1-1024x683.jpg","datePublished":"2019-02-09T10:19:03+00:00","dateModified":"2025-03-10T11:27:32+00:00","breadcrumb":{"@id":"https:\/\/kucharczyk.pl\/?page_id=355#breadcrumb"},"inLanguage":"pl-PL","potentialAction":[{"@type":"ReadAction","target":["https:\/\/kucharczyk.pl\/?page_id=355"]}]},{"@type":"ImageObject","inLanguage":"pl-PL","@id":"https:\/\/kucharczyk.pl\/?page_id=355#primaryimage","url":"http:\/\/kucharczyk.pl\/wp-content\/uploads\/2019\/02\/10-1-1024x683.jpg","contentUrl":"http:\/\/kucharczyk.pl\/wp-content\/uploads\/2019\/02\/10-1-1024x683.jpg"},{"@type":"BreadcrumbList","@id":"https:\/\/kucharczyk.pl\/?page_id=355#breadcrumb","itemListElement":[{"@type":"ListItem","position":1,"name":"Strona g\u0142\u00f3wna","item":"https:\/\/kucharczyk.pl\/"},{"@type":"ListItem","position":2,"name":"2 pi\u0119tro &#8211; pok\u00f3j nr 10"}]},{"@type":"WebSite","@id":"https:\/\/kucharczyk.pl\/#website","url":"https:\/\/kucharczyk.pl\/","name":"\u015awinouj\u015bcie wczasy nad morzem","description":"Noclegi w pokojach go\u015bcinnych","potentialAction":[{"@type":"SearchAction","target":{"@type":"EntryPoint","urlTemplate":"https:\/\/kucharczyk.pl\/?s={search_term_string}"},"query-input":"required name=search_term_string"}],"inLanguage":"pl-PL"}]}},"_links":{"self":[{"href":"https:\/\/kucharczyk.pl\/index.php?rest_route=\/wp\/v2\/pages\/355","targetHints":{"allow":["GET"]}}],"collection":[{"href":"https:\/\/kucharczyk.pl\/index.php?rest_route=\/wp\/v2\/pages"}],"about":[{"href":"https:\/\/kucharczyk.pl\/index.php?rest_route=\/wp\/v2\/types\/page"}],"author":[{"embeddable":true,"href":"https:\/\/kucharczyk.pl\/index.php?rest_route=\/wp\/v2\/users\/1"}],"replies":[{"embeddable":true,"href":"https:\/\/kucharczyk.pl\/index.php?rest_route=%2Fwp%2Fv2%2Fcomments&post=355"}],"version-history":[{"count":16,"href":"https:\/\/kucharczyk.pl\/index.php?rest_route=\/wp\/v2\/pages\/355\/revisions"}],"predecessor-version":[{"id":1456,"href":"https:\/\/kucharczyk.pl\/index.php?rest_route=\/wp\/v2\/pages\/355\/revisions\/1456"}],"wp:attachment":[{"href":"https:\/\/kucharczyk.pl\/index.php?rest_route=%2Fwp%2Fv2%2Fmedia&parent=355"}],"curies":[{"name":"wp","href":"https:\/\/api.w.org\/{rel}","templated":true}]}}